{"id":2628,"date":"2019-07-15T08:19:14","date_gmt":"2019-07-15T08:19:14","guid":{"rendered":"https:\/\/www.dolceresio.ch\/attivita-e-dintorni\/"},"modified":"2022-08-09T10:54:07","modified_gmt":"2022-08-09T08:54:07","slug":"activites-et-environnements","status":"publish","type":"page","link":"https:\/\/www.dolceresio.ch\/fr\/activites-et-environnements\/","title":{"rendered":"Activit\u00e9s et environnements"},"content":{"rendered":"\n<div class=\"wp-block-getwid-section alignfull alignfull\"><div class=\"wp-block-getwid-section__wrapper getwid-padding-top-none getwid-padding-bottom-none getwid-padding-left-medium getwid-padding-right-medium\"><div class=\"wp-block-getwid-section__inner-wrapper\"><div class=\"wp-block-getwid-section__background-holder\"><div class=\"wp-block-getwid-section__background\"><\/div><div class=\"wp-block-getwid-section__foreground\"><\/div><\/div><div class=\"wp-block-getwid-section__content\"><div class=\"wp-block-getwid-section__inner-content\">\n<div class=\"wp-block-columns is-layout-flex wp-container-core-columns-is-layout-9d6595d7 wp-block-columns-is-layout-flex\">\n<div class=\"wp-block-column is-layout-flow wp-block-column-is-layout-flow\">\n<div class=\"wp-block-getwid-advanced-heading is-style-style-1 has-custom-font-size\" style=\"font-size:12px;margin-bottom:0px\"><p class=\"wp-block-getwid-advanced-heading__content\" style=\"text-transform:uppercase;letter-spacing:0.1em\">LITTLE CHARMING BED&amp;BREAKFAST ON THE LAKE<\/p><\/div>\n\n\n\n<div class=\"wp-block-getwid-advanced-heading is-style-default\" style=\"margin-top:10px\"><h2 class=\"wp-block-getwid-advanced-heading__content\">B&amp;B Dolceresio<\/h2><\/div>\n<\/div>\n\n\n\n<div class=\"wp-block-column is-layout-flow wp-block-column-is-layout-flow\">\n<p>Dolceresio est situ\u00e9 directement sur le quai.<\/p>\n<\/div>\n<\/div>\n<\/div><\/div><\/div><\/div><\/div>\n\n\n\n<div class=\"wp-block-getwid-section alignfull alignfull\"><div class=\"wp-block-getwid-section__wrapper getwid-padding-top-none getwid-padding-bottom-none getwid-padding-left-medium getwid-padding-right-medium\"><div class=\"wp-block-getwid-section__inner-wrapper\"><div class=\"wp-block-getwid-section__background-holder\"><div class=\"wp-block-getwid-section__background\"><\/div><div class=\"wp-block-getwid-section__foreground\"><\/div><\/div><div class=\"wp-block-getwid-section__content\"><div class=\"wp-block-getwid-section__inner-content\">\n<div class=\"wp-block-columns is-layout-flex wp-container-core-columns-is-layout-9d6595d7 wp-block-columns-is-layout-flex\">\n<div class=\"wp-block-column is-layout-flow wp-block-column-is-layout-flow\">\n<div class=\"wp-block-getwid-advanced-heading is-style-default\" style=\"margin-top:0px\"><h3 class=\"wp-block-getwid-advanced-heading__content\" style=\"text-align:left;padding-top:0px\">\u00c0 quelques pas:<\/h3><\/div>\n<\/div>\n\n\n\n<div class=\"wp-block-column is-layout-flow wp-block-column-is-layout-flow\">\n<ul class=\"wp-block-list\"><li>Nouveaux bains publics (acc\u00e8s gratuit)<\/li><li>Parcours de sant\u00e9 dans les bois<\/li><li>Court de tennis<\/li><li>D\u00e9barcad\u00e8re: sorties en bateau vers Morcote, Ponte Tresa (march\u00e9), Porto Ceresio (petits march\u00e9s), Melide (Swissminiatur), Lugano<\/li><li>Arr\u00eat bus direction Riva San Vitale (baptist\u00e8re), Capolago (chemin de fer CFF, train \u00e0 cr\u00e9maill\u00e8re Monte Generoso)<\/li><li>Arr\u00eat bus direction Porto Ceresio (chemin de fer italien vers Milan)<\/li><li>T\u00e9l\u00e9ph\u00e9rique Brusino Arsizio \u2013 Serpiano (Monte San Giorgio, patrimoine de l\u2019Unesco)<\/li><li>Plusieurs parcours trac\u00e9s pour des excursions plus ou moins exigeantes<\/li><\/ul>\n<\/div>\n<\/div>\n<\/div><\/div><\/div><\/div><\/div>\n\n\n\n<div class=\"wp-block-getwid-section alignfull alignfull\"><div class=\"wp-block-getwid-section__wrapper getwid-padding-top-normal getwid-padding-bottom-normal\"><div class=\"wp-block-getwid-section__inner-wrapper\"><div class=\"wp-block-getwid-section__background-holder\"><div class=\"wp-block-getwid-section__background\"><\/div><div class=\"wp-block-getwid-section__foreground\"><\/div><\/div><div class=\"wp-block-getwid-section__content\"><div class=\"wp-block-getwid-section__inner-content\">\n<hr class=\"wp-block-separator is-style-wide\"\/>\n<\/div><\/div><\/div><\/div><\/div>\n\n\n\n<div class=\"wp-block-getwid-section alignfull alignfull\"><div class=\"wp-block-getwid-section__wrapper getwid-padding-top-none getwid-padding-bottom-none getwid-padding-left-medium getwid-padding-right-medium\"><div class=\"wp-block-getwid-section__inner-wrapper\"><div class=\"wp-block-getwid-section__background-holder\"><div class=\"wp-block-getwid-section__background\"><\/div><div class=\"wp-block-getwid-section__foreground\"><\/div><\/div><div class=\"wp-block-getwid-section__content\"><div class=\"wp-block-getwid-section__inner-content\">\n<div class=\"wp-block-columns is-layout-flex wp-container-core-columns-is-layout-9d6595d7 wp-block-columns-is-layout-flex\">\n<div class=\"wp-block-column is-layout-flow wp-block-column-is-layout-flow\" style=\"flex-basis:25%\">\n<div class=\"wp-block-getwid-advanced-heading is-style-default\" style=\"margin-top:0px\"><h3 class=\"wp-block-getwid-advanced-heading__content\" style=\"text-align:left;padding-top:0px\">Brusino Arsizio<\/h3><\/div>\n<\/div>\n\n\n\n<div class=\"wp-block-column is-layout-flow wp-block-column-is-layout-flow\" style=\"flex-basis:75%\">\n<figure class=\"wp-block-embed is-type-video is-provider-youtube wp-block-embed-youtube wp-embed-aspect-16-9 wp-has-aspect-ratio\"><div class=\"wp-block-embed__wrapper\">\n<iframe loading=\"lazy\" title=\"Brusino Arsizio, Ticino SlideShow\" width=\"770\" height=\"433\" src=\"https:\/\/www.youtube.com\/embed\/mkCptVK6_mE?feature=oembed\" frameborder=\"0\" allow=\"accelerometer; autoplay; clipboard-write; encrypted-media; gyroscope; picture-in-picture\" allowfullscreen><\/iframe>\n<\/div><\/figure>\n<\/div>\n<\/div>\n<\/div><\/div><\/div><\/div><\/div>\n\n\n\n<div class=\"wp-block-getwid-section alignfull alignfull\"><div class=\"wp-block-getwid-section__wrapper getwid-padding-top-normal getwid-padding-bottom-normal\"><div class=\"wp-block-getwid-section__inner-wrapper\"><div class=\"wp-block-getwid-section__background-holder\"><div class=\"wp-block-getwid-section__background\"><\/div><div class=\"wp-block-getwid-section__foreground\"><\/div><\/div><div class=\"wp-block-getwid-section__content\"><div class=\"wp-block-getwid-section__inner-content\">\n<hr class=\"wp-block-separator is-style-wide\"\/>\n<\/div><\/div><\/div><\/div><\/div>\n\n\n\n<figure class=\"wp-block-image alignwide size-large\"><a href=\"https:\/\/www.mendrisiottoturismo.ch\/fr\/ti-presento-il-mendrisiotto.html\" target=\"_blank\" rel=\"noopener noreferrer\"><img loading=\"lazy\" decoding=\"async\" width=\"1024\" height=\"323\" src=\"https:\/\/www.dolceresio.ch\/wp-content\/uploads\/2020\/07\/Banner-orizzontale-1024x323.jpg\" alt=\"\" class=\"wp-image-2971\" srcset=\"https:\/\/www.dolceresio.ch\/wp-content\/uploads\/2020\/07\/Banner-orizzontale-1024x323.jpg 1024w, https:\/\/www.dolceresio.ch\/wp-content\/uploads\/2020\/07\/Banner-orizzontale-300x95.jpg 300w, https:\/\/www.dolceresio.ch\/wp-content\/uploads\/2020\/07\/Banner-orizzontale-768x242.jpg 768w, https:\/\/www.dolceresio.ch\/wp-content\/uploads\/2020\/07\/Banner-orizzontale-1536x485.jpg 1536w, https:\/\/www.dolceresio.ch\/wp-content\/uploads\/2020\/07\/Banner-orizzontale-1170x369.jpg 1170w, https:\/\/www.dolceresio.ch\/wp-content\/uploads\/2020\/07\/Banner-orizzontale-600x189.jpg 600w, https:\/\/www.dolceresio.ch\/wp-content\/uploads\/2020\/07\/Banner-orizzontale.jpg 1847w\" sizes=\"auto, (max-width: 1024px) 100vw, 1024px\" \/><\/a><\/figure>\n\n\n\n<p>Nous sommes heureuses de repr\u00e9senter, avec Mendrisiotto Turismo la r\u00e9gion enchanteresse de l&rsquo;extr\u00eame sud de la Suisse.<\/p>\n\n\n\n<div class=\"wp-block-buttons is-layout-flex wp-block-buttons-is-layout-flex\">\n<div class=\"wp-block-button\"><a class=\"wp-block-button__link\" href=\"https:\/\/www.mendrisiottoturismo.ch\/fr\/ti-presento-il-mendrisiotto.html\" target=\"_blank\" rel=\"noreferrer noopener\">PLUS DE RENSEIGNEMENTS<\/a><\/div>\n<\/div>\n\n\n\n<div class=\"wp-block-getwid-section alignfull alignfull\"><div class=\"wp-block-getwid-section__wrapper getwid-padding-top-normal getwid-padding-bottom-normal\"><div class=\"wp-block-getwid-section__inner-wrapper\"><div class=\"wp-block-getwid-section__background-holder\"><div class=\"wp-block-getwid-section__background\"><\/div><div class=\"wp-block-getwid-section__foreground\"><\/div><\/div><div class=\"wp-block-getwid-section__content\"><div class=\"wp-block-getwid-section__inner-content\">\n<hr class=\"wp-block-separator is-style-wide\"\/>\n<\/div><\/div><\/div><\/div><\/div>\n\n\n\n<div class=\"wp-block-getwid-section alignfull alignfull\"><div class=\"wp-block-getwid-section__wrapper getwid-padding-top-none getwid-padding-bottom-none getwid-padding-left-medium getwid-padding-right-medium\"><div class=\"wp-block-getwid-section__inner-wrapper\"><div class=\"wp-block-getwid-section__background-holder\"><div class=\"wp-block-getwid-section__background\"><\/div><div class=\"wp-block-getwid-section__foreground\"><\/div><\/div><div class=\"wp-block-getwid-section__content\"><div class=\"wp-block-getwid-section__inner-content\">\n<div class=\"wp-block-columns is-layout-flex wp-container-core-columns-is-layout-9d6595d7 wp-block-columns-is-layout-flex\">\n<div class=\"wp-block-column is-layout-flow wp-block-column-is-layout-flow\">\n<div class=\"wp-block-getwid-advanced-heading is-style-default\" style=\"margin-top:0px\"><h3 class=\"wp-block-getwid-advanced-heading__content\">Aux alentours:<\/h3><\/div>\n<\/div>\n\n\n\n<div class=\"wp-block-column is-layout-flow wp-block-column-is-layout-flow\">\n<ul class=\"wp-block-list\"><li>Atteignables par chemin de fer: <br>Lugano, Locarno, Ascona, Como, Varese, Milano<\/li><li>Shopping: <br>Atelier Dominique D\u2019Angelo Brusino Arsizio,<br>Outlet grandes griffes Foxtown Mendrisio<\/li><li>Restaurants proches (Brusino Arsizio et Hameau voisinant): <br>Ristorante Osteria della Posta, Ristorante Battello, Ristorante Chalet S. Giorgio, Grotto Pojana, Grotto Alpe di Brusino<\/li><\/ul>\n<\/div>\n<\/div>\n<\/div><\/div><\/div><\/div><\/div>\n\n\n\n<div class=\"wp-block-getwid-section alignfull alignfull\"><div class=\"wp-block-getwid-section__wrapper getwid-padding-top-normal getwid-padding-bottom-normal\"><div class=\"wp-block-getwid-section__inner-wrapper\"><div class=\"wp-block-getwid-section__background-holder\"><div class=\"wp-block-getwid-section__background\"><\/div><div class=\"wp-block-getwid-section__foreground\"><\/div><\/div><div class=\"wp-block-getwid-section__content\"><div class=\"wp-block-getwid-section__inner-content\">\n<hr class=\"wp-block-separator is-style-wide\"\/>\n<\/div><\/div><\/div><\/div><\/div>\n\n\n\n<div class=\"wp-block-getwid-section alignfull alignfull\"><div class=\"wp-block-getwid-section__wrapper getwid-padding-top-none getwid-padding-bottom-none getwid-padding-left-medium getwid-padding-right-medium\"><div class=\"wp-block-getwid-section__inner-wrapper\"><div class=\"wp-block-getwid-section__background-holder\"><div class=\"wp-block-getwid-section__background\"><\/div><div class=\"wp-block-getwid-section__foreground\"><\/div><\/div><div class=\"wp-block-getwid-section__content\"><div class=\"wp-block-getwid-section__inner-content\">\n<div class=\"wp-block-columns is-layout-flex wp-container-core-columns-is-layout-9d6595d7 wp-block-columns-is-layout-flex\">\n<div class=\"wp-block-column is-layout-flow wp-block-column-is-layout-flow\">\n<div class=\"wp-block-getwid-advanced-heading is-style-default\" style=\"margin-top:0px\"><h3 class=\"wp-block-getwid-advanced-heading__content\">Ticino ticket:<\/h3><\/div>\n\n\n\n<div class=\"wp-block-button\"><a class=\"wp-block-button__link\" href=\"https:\/\/www.ticino.ch\/fr\/ticket.html\" target=\"_blank\" rel=\"noreferrer noopener\">Plus de renseignements<\/a><\/div>\n<\/div>\n\n\n\n<div class=\"wp-block-column is-layout-flow wp-block-column-is-layout-flow\">\n<ul class=\"wp-block-list\"><li>Carte permettant de voyager gratuitement en bus, chemin de fer en tout le Canton Tessin: Offre des avantages importants sur les installations de remont\u00e9e, la navigation, les mus\u00e9es et les attractions touristiques principales.<\/li><li><strong>Offert par Dolceresio en cas de r\u00e9servations effectu\u00e9es directement sur le site officiel<\/strong><\/li><\/ul>\n<\/div>\n<\/div>\n<\/div><\/div><\/div><\/div><\/div>\n\n\n\n<div class=\"wp-block-getwid-section alignfull alignfull\"><div class=\"wp-block-getwid-section__wrapper getwid-padding-top-normal getwid-padding-bottom-normal\"><div class=\"wp-block-getwid-section__inner-wrapper\"><div class=\"wp-block-getwid-section__background-holder\"><div class=\"wp-block-getwid-section__background\"><\/div><div class=\"wp-block-getwid-section__foreground\"><\/div><\/div><div class=\"wp-block-getwid-section__content\"><div class=\"wp-block-getwid-section__inner-content\">\n<div class=\"wp-block-columns has-2-columns is-layout-flex wp-container-core-columns-is-layout-9d6595d7 wp-block-columns-is-layout-flex\">\n<div class=\"wp-block-column is-layout-flow wp-block-column-is-layout-flow\">\n<div class=\"wp-block-getwid-banner has-foreground-undefined has-animation-style3 has-text-animation-opacity-top has-foreground-55\"><a href=\"http:\/\/www.montesangiorgio.org\/fr\/\" target=\"_blank\" rel=\"noreferrer noopener\" class=\"wp-block-getwid-banner__link\"><div class=\"wp-block-getwid-banner__wrapper has-background has-black-background-color\"><img loading=\"lazy\" decoding=\"async\" width=\"512\" height=\"341\" src=\"https:\/\/www.dolceresio.ch\/wp-content\/uploads\/2020\/04\/MonteSanGiorgio.jpg\" alt=\"\" class=\"wp-block-getwid-banner__image wp-block-getwid-banner__source wp-image-1702\" srcset=\"https:\/\/www.dolceresio.ch\/wp-content\/uploads\/2020\/04\/MonteSanGiorgio.jpg 512w, https:\/\/www.dolceresio.ch\/wp-content\/uploads\/2020\/04\/MonteSanGiorgio-300x200.jpg 300w\" sizes=\"auto, (max-width: 512px) 100vw, 512px\" \/><div class=\"wp-block-getwid-banner__caption has-text-color has-light-grey-color\"><div class=\"wp-block-getwid-banner__caption-wrapper\"><span class=\"wp-block-getwid-banner__title\">Monte San<br>Giorgio<\/span><p class=\"wp-block-getwid-banner__text\"><strong>Patrimoine Mondial de l&rsquo;UNESCO<\/strong><\/p><\/div><\/div><\/div><\/a><\/div>\n<\/div>\n\n\n\n<div class=\"wp-block-column is-layout-flow wp-block-column-is-layout-flow\">\n<div class=\"wp-block-getwid-banner has-foreground-undefined has-animation-style3 has-text-animation-opacity-top\"><a href=\"https:\/\/www.montegeneroso.ch\/fr\/monte-generoso\/fiore-di-pietra\" target=\"_blank\" rel=\"noreferrer noopener\" class=\"wp-block-getwid-banner__link\"><div class=\"wp-block-getwid-banner__wrapper\"><img loading=\"lazy\" decoding=\"async\" width=\"512\" height=\"516\" src=\"https:\/\/www.dolceresio.ch\/wp-content\/uploads\/2020\/04\/MonteGeneroso.jpg\" alt=\"\" class=\"wp-block-getwid-banner__image wp-block-getwid-banner__source wp-image-1708\" srcset=\"https:\/\/www.dolceresio.ch\/wp-content\/uploads\/2020\/04\/MonteGeneroso.jpg 512w, https:\/\/www.dolceresio.ch\/wp-content\/uploads\/2020\/04\/MonteGeneroso-298x300.jpg 298w, https:\/\/www.dolceresio.ch\/wp-content\/uploads\/2020\/04\/MonteGeneroso-150x150.jpg 150w, https:\/\/www.dolceresio.ch\/wp-content\/uploads\/2020\/04\/MonteGeneroso-100x100.jpg 100w\" sizes=\"auto, (max-width: 512px) 100vw, 512px\" \/><div class=\"wp-block-getwid-banner__caption\"><div class=\"wp-block-getwid-banner__caption-wrapper\"><span class=\"wp-block-getwid-banner__title\">Monte<br>Generoso<\/span><p class=\"wp-block-getwid-banner__text\">Fiore di pietra<\/p><\/div><\/div><\/div><\/a><\/div>\n<\/div>\n<\/div>\n\n\n\n<div class=\"wp-block-columns has-2-columns is-layout-flex wp-container-core-columns-is-layout-9d6595d7 wp-block-columns-is-layout-flex\">\n<div class=\"wp-block-column is-layout-flow wp-block-column-is-layout-flow\">\n<div class=\"wp-block-getwid-banner has-foreground-undefined has-animation-style3 has-text-animation-opacity-top has-foreground-30\"><a href=\"https:\/\/www.splashespa.ch\/fr\/\" target=\"_blank\" rel=\"noreferrer noopener\" class=\"wp-block-getwid-banner__link\"><div class=\"wp-block-getwid-banner__wrapper has-background has-dark-blue-background-color\"><img loading=\"lazy\" decoding=\"async\" width=\"792\" height=\"594\" src=\"https:\/\/www.dolceresio.ch\/wp-content\/uploads\/2020\/01\/SplashAndSpa.jpg\" alt=\"\" class=\"wp-block-getwid-banner__image wp-block-getwid-banner__source wp-image-1276\" srcset=\"https:\/\/www.dolceresio.ch\/wp-content\/uploads\/2020\/01\/SplashAndSpa.jpg 792w, https:\/\/www.dolceresio.ch\/wp-content\/uploads\/2020\/01\/SplashAndSpa-300x225.jpg 300w, https:\/\/www.dolceresio.ch\/wp-content\/uploads\/2020\/01\/SplashAndSpa-768x576.jpg 768w, https:\/\/www.dolceresio.ch\/wp-content\/uploads\/2020\/01\/SplashAndSpa-600x450.jpg 600w\" sizes=\"auto, (max-width: 792px) 100vw, 792px\" \/><div class=\"wp-block-getwid-banner__caption has-text-color has-white-color\"><div style=\"max-width:400px\" class=\"wp-block-getwid-banner__caption-wrapper\"><span class=\"wp-block-getwid-banner__title\">Splash &amp; Spa Tamaro<\/span><p class=\"wp-block-getwid-banner__text\">Bien-\u00eatre et amusement en Tessin<\/p><\/div><\/div><\/div><\/a><\/div>\n<\/div>\n\n\n\n<div class=\"wp-block-column is-layout-flow wp-block-column-is-layout-flow\">\n<div class=\"wp-block-getwid-banner has-foreground-undefined has-animation-style3 has-text-animation-opacity-top\"><a href=\"https:\/\/www.ddshop.ch\/\" target=\"_blank\" rel=\"noreferrer noopener\" class=\"wp-block-getwid-banner__link\"><div class=\"wp-block-getwid-banner__wrapper\"><img loading=\"lazy\" decoding=\"async\" width=\"750\" height=\"654\" src=\"https:\/\/www.dolceresio.ch\/wp-content\/uploads\/2020\/04\/Dominique.jpg\" alt=\"\" class=\"wp-block-getwid-banner__image wp-block-getwid-banner__source wp-image-1904\" srcset=\"https:\/\/www.dolceresio.ch\/wp-content\/uploads\/2020\/04\/Dominique.jpg 750w, https:\/\/www.dolceresio.ch\/wp-content\/uploads\/2020\/04\/Dominique-300x262.jpg 300w, https:\/\/www.dolceresio.ch\/wp-content\/uploads\/2020\/04\/Dominique-600x523.jpg 600w\" sizes=\"auto, (max-width: 750px) 100vw, 750px\" \/><div class=\"wp-block-getwid-banner__caption\"><div class=\"wp-block-getwid-banner__caption-wrapper\"><span class=\"wp-block-getwid-banner__title\">Atelier<br>Dominique D&rsquo;Angelo<\/span><p class=\"wp-block-getwid-banner__text\">Une boutique \u2026 De nombreuses id\u00e9es cr\u00e9atives<\/p><\/div><\/div><\/div><\/a><\/div>\n<\/div>\n<\/div>\n\n\n\n<div class=\"wp-block-getwid-banner has-foreground-undefined bottom-spacing has-animation-style3 has-text-animation-opacity-top has-foreground-30\"><a href=\"https:\/\/www.mendrisiottoturismo.ch\/fr\/\" target=\"_blank\" rel=\"noreferrer noopener\" class=\"wp-block-getwid-banner__link\"><div class=\"wp-block-getwid-banner__wrapper has-background has-dark-blue-background-color\"><img loading=\"lazy\" decoding=\"async\" width=\"512\" height=\"417\" src=\"https:\/\/www.dolceresio.ch\/wp-content\/uploads\/2020\/04\/MendrisiottoTurismo.jpg\" alt=\"\" class=\"wp-block-getwid-banner__image wp-block-getwid-banner__source wp-image-1720\" srcset=\"https:\/\/www.dolceresio.ch\/wp-content\/uploads\/2020\/04\/MendrisiottoTurismo.jpg 512w, https:\/\/www.dolceresio.ch\/wp-content\/uploads\/2020\/04\/MendrisiottoTurismo-300x244.jpg 300w\" sizes=\"auto, (max-width: 512px) 100vw, 512px\" \/><div class=\"wp-block-getwid-banner__caption has-text-color has-white-color\"><div style=\"max-width:400px\" class=\"wp-block-getwid-banner__caption-wrapper\"><span class=\"wp-block-getwid-banner__title\">Mendrisiotto turismo<\/span><p class=\"wp-block-getwid-banner__text\">La r\u00e9gion \u00e0 d\u00e9courvir<\/p><\/div><\/div><\/div><\/a><\/div>\n\n\n\n<div class=\"wp-block-columns has-2-columns is-layout-flex wp-container-core-columns-is-layout-9d6595d7 wp-block-columns-is-layout-flex\">\n<div class=\"wp-block-column is-layout-flow wp-block-column-is-layout-flow\">\n<div class=\"wp-block-getwid-banner has-foreground-undefined compact-iconbox has-animation-style3 has-text-animation-opacity-top has-foreground-55\"><a href=\"https:\/\/www.mevm.ch\/\" target=\"_blank\" rel=\"noreferrer noopener\" class=\"wp-block-getwid-banner__link\"><div class=\"wp-block-getwid-banner__wrapper has-background has-black-background-color\"><img loading=\"lazy\" decoding=\"async\" width=\"512\" height=\"286\" src=\"https:\/\/www.dolceresio.ch\/wp-content\/uploads\/2020\/04\/ValleDiMuggio.jpg\" alt=\"\" class=\"wp-block-getwid-banner__image wp-block-getwid-banner__source wp-image-1712\" srcset=\"https:\/\/www.dolceresio.ch\/wp-content\/uploads\/2020\/04\/ValleDiMuggio.jpg 512w, https:\/\/www.dolceresio.ch\/wp-content\/uploads\/2020\/04\/ValleDiMuggio-300x168.jpg 300w\" sizes=\"auto, (max-width: 512px) 100vw, 512px\" \/><div class=\"wp-block-getwid-banner__caption has-text-color has-light-grey-color\"><div class=\"wp-block-getwid-banner__caption-wrapper\"><span class=\"wp-block-getwid-banner__title\">Valle di<br>Muggio<\/span><p class=\"wp-block-getwid-banner__text\"><strong>Mus\u00e9e ethnographique<\/strong><\/p><\/div><\/div><\/div><\/a><\/div>\n\n\n\n<div class=\"wp-block-getwid-icon-box image-copyright has-icon-left has-text-left\"><div class=\"wp-block-getwid-icon-box__icon-container is-position-top\"><div class=\"wp-block-getwid-icon-box__icon-wrapper\" style=\"font-size:16px\"><i class=\"far fa-copyright\"><\/i><\/div><\/div><div class=\"wp-block-getwid-icon-box__content\">\n<h3 class=\"wp-block-heading\"><\/h3>\n\n\n\n<p class=\"has-small-font-size\">Foto: Museo etnografico della Valle di Muggio<\/p>\n<\/div><\/div>\n<\/div>\n\n\n\n<div class=\"wp-block-column is-layout-flow wp-block-column-is-layout-flow\">\n<div class=\"wp-block-getwid-banner has-foreground-undefined compact-iconbox has-animation-style3 has-text-animation-opacity-top\"><a href=\"https:\/\/www.museo-vela.ch\/vela\/fr\/home.html\" target=\"_blank\" rel=\"noreferrer noopener\" class=\"wp-block-getwid-banner__link\"><div class=\"wp-block-getwid-banner__wrapper\"><img loading=\"lazy\" decoding=\"async\" width=\"512\" height=\"338\" src=\"https:\/\/www.dolceresio.ch\/wp-content\/uploads\/2020\/04\/MuseoVincenzoVela.jpg\" alt=\"\" class=\"wp-block-getwid-banner__image wp-block-getwid-banner__source wp-image-1716\" srcset=\"https:\/\/www.dolceresio.ch\/wp-content\/uploads\/2020\/04\/MuseoVincenzoVela.jpg 512w, https:\/\/www.dolceresio.ch\/wp-content\/uploads\/2020\/04\/MuseoVincenzoVela-300x198.jpg 300w\" sizes=\"auto, (max-width: 512px) 100vw, 512px\" \/><div class=\"wp-block-getwid-banner__caption\"><div class=\"wp-block-getwid-banner__caption-wrapper\"><span class=\"wp-block-getwid-banner__title\">Mus\u00e9e<br>Vincenzo Vela<\/span><p class=\"wp-block-getwid-banner__text\"> Art et histoire<\/p><\/div><\/div><\/div><\/a><\/div>\n\n\n\n<div class=\"wp-block-getwid-icon-box image-copyright has-icon-left has-text-left\"><div class=\"wp-block-getwid-icon-box__icon-container is-position-top\"><div class=\"wp-block-getwid-icon-box__icon-wrapper\" style=\"font-size:16px\"><i class=\"far fa-copyright\"><\/i><\/div><\/div><div class=\"wp-block-getwid-icon-box__content\">\n<h3 class=\"wp-block-heading\"><\/h3>\n\n\n\n<p class=\"has-small-font-size\">Museo Vincenzo Vela &#8211; Foto Mauro Zeni<\/p>\n<\/div><\/div>\n<\/div>\n<\/div>\n\n\n\n<div class=\"wp-block-columns has-2-columns is-layout-flex wp-container-core-columns-is-layout-9d6595d7 wp-block-columns-is-layout-flex\">\n<div class=\"wp-block-column is-layout-flow wp-block-column-is-layout-flow\">\n<div class=\"wp-block-getwid-banner has-foreground-undefined has-animation-style3 has-text-animation-opacity-top has-foreground-55\"><a href=\"http:\/\/www.ti.ch\/zuest\" target=\"_blank\" rel=\"noreferrer noopener\" class=\"wp-block-getwid-banner__link\"><div class=\"wp-block-getwid-banner__wrapper has-background has-black-background-color\"><img loading=\"lazy\" decoding=\"async\" width=\"750\" height=\"501\" src=\"https:\/\/www.dolceresio.ch\/wp-content\/uploads\/2020\/04\/Pinacoteca-Zuest.jpg\" alt=\"\" class=\"wp-block-getwid-banner__image wp-block-getwid-banner__source wp-image-1910\" srcset=\"https:\/\/www.dolceresio.ch\/wp-content\/uploads\/2020\/04\/Pinacoteca-Zuest.jpg 750w, https:\/\/www.dolceresio.ch\/wp-content\/uploads\/2020\/04\/Pinacoteca-Zuest-300x200.jpg 300w, https:\/\/www.dolceresio.ch\/wp-content\/uploads\/2020\/04\/Pinacoteca-Zuest-600x401.jpg 600w\" sizes=\"auto, (max-width: 750px) 100vw, 750px\" \/><div class=\"wp-block-getwid-banner__caption has-text-color has-light-grey-color\"><div class=\"wp-block-getwid-banner__caption-wrapper\"><span class=\"wp-block-getwid-banner__title\">Pinacoteca cantonale<br>Giovanni Z\u00fcst<\/span><p class=\"wp-block-getwid-banner__text\">Rancate (Mendrisio) <\/p><\/div><\/div><\/div><\/a><\/div>\n<\/div>\n\n\n\n<div class=\"wp-block-column is-layout-flow wp-block-column-is-layout-flow\">\n<div class=\"wp-block-getwid-banner has-foreground-undefined has-animation-style3 has-text-animation-opacity-top\"><a href=\"https:\/\/www.swissminiatur.ch\/?lang=fr\" target=\"_blank\" rel=\"noreferrer noopener\" class=\"wp-block-getwid-banner__link\"><div class=\"wp-block-getwid-banner__wrapper\"><img loading=\"lazy\" decoding=\"async\" width=\"512\" height=\"383\" src=\"https:\/\/www.dolceresio.ch\/wp-content\/uploads\/2020\/04\/SwissMiniatur.jpg\" alt=\"\" class=\"wp-block-getwid-banner__image wp-block-getwid-banner__source wp-image-1730\" srcset=\"https:\/\/www.dolceresio.ch\/wp-content\/uploads\/2020\/04\/SwissMiniatur.jpg 512w, https:\/\/www.dolceresio.ch\/wp-content\/uploads\/2020\/04\/SwissMiniatur-300x224.jpg 300w\" sizes=\"auto, (max-width: 512px) 100vw, 512px\" \/><div class=\"wp-block-getwid-banner__caption\"><div class=\"wp-block-getwid-banner__caption-wrapper\"><span class=\"wp-block-getwid-banner__title\">Swissminiatur<\/span><p class=\"wp-block-getwid-banner__text\">La Suisse<br>en miniature<\/p><\/div><\/div><\/div><\/a><\/div>\n<\/div>\n<\/div>\n\n\n\n<div class=\"wp-block-getwid-banner has-foreground-undefined bottom-spacing has-animation-style3 has-text-animation-opacity-top has-foreground-20\"><a href=\"https:\/\/www.luganolac.ch\/en\/home\" target=\"_blank\" rel=\"noreferrer noopener\" class=\"wp-block-getwid-banner__link\"><div class=\"wp-block-getwid-banner__wrapper\"><img loading=\"lazy\" decoding=\"async\" width=\"750\" height=\"385\" src=\"https:\/\/www.dolceresio.ch\/wp-content\/uploads\/2020\/04\/LAC.jpg\" alt=\"\" class=\"wp-block-getwid-banner__image wp-block-getwid-banner__source wp-image-1840\" srcset=\"https:\/\/www.dolceresio.ch\/wp-content\/uploads\/2020\/04\/LAC.jpg 750w, https:\/\/www.dolceresio.ch\/wp-content\/uploads\/2020\/04\/LAC-300x154.jpg 300w, https:\/\/www.dolceresio.ch\/wp-content\/uploads\/2020\/04\/LAC-600x308.jpg 600w\" sizes=\"auto, (max-width: 750px) 100vw, 750px\" \/><div class=\"wp-block-getwid-banner__caption\"><div style=\"max-width:350px\" class=\"wp-block-getwid-banner__caption-wrapper\"><span class=\"wp-block-getwid-banner__title\">LAC &#8211; Lugano<br>Arte e Cultura<\/span><p class=\"wp-block-getwid-banner__text\">The cultural centre of the city of Lugano<\/p><\/div><\/div><\/div><\/a><\/div>\n\n\n\n<div class=\"wp-block-getwid-section alignfull alignfull\"><div class=\"wp-block-getwid-section__wrapper getwid-padding-top-normal getwid-padding-bottom-normal\"><div class=\"wp-block-getwid-section__inner-wrapper\"><div class=\"wp-block-getwid-section__background-holder\"><div class=\"wp-block-getwid-section__background\"><\/div><div class=\"wp-block-getwid-section__foreground\"><\/div><\/div><div class=\"wp-block-getwid-section__content\"><div class=\"wp-block-getwid-section__inner-content\">\n<hr class=\"wp-block-separator is-style-wide\"\/>\n<\/div><\/div><\/div><\/div><\/div>\n\n\n\n<div class=\"wp-block-getwid-section alignfull alignfull\"><div class=\"wp-block-getwid-section__wrapper getwid-padding-top-none getwid-padding-bottom-none getwid-padding-left-medium getwid-padding-right-medium\"><div class=\"wp-block-getwid-section__inner-wrapper\"><div class=\"wp-block-getwid-section__background-holder\"><div class=\"wp-block-getwid-section__background\"><\/div><div class=\"wp-block-getwid-section__foreground\"><\/div><\/div><div class=\"wp-block-getwid-section__content\"><div class=\"wp-block-getwid-section__inner-content\">\n<div class=\"wp-block-columns is-layout-flex wp-container-core-columns-is-layout-9d6595d7 wp-block-columns-is-layout-flex\">\n<div class=\"wp-block-column is-layout-flow wp-block-column-is-layout-flow\" style=\"flex-basis:25%\">\n<div class=\"wp-block-getwid-advanced-heading is-style-default\" style=\"margin-top:0px\"><h3 class=\"wp-block-getwid-advanced-heading__content\" style=\"text-align:left;padding-top:0px\">Lakes Of Ticino<\/h3><\/div>\n<\/div>\n\n\n\n<div class=\"wp-block-column is-layout-flow wp-block-column-is-layout-flow\" style=\"flex-basis:75%\">\n<figure class=\"wp-block-embed is-type-video is-provider-youtube wp-block-embed-youtube wp-embed-aspect-16-9 wp-has-aspect-ratio\"><div class=\"wp-block-embed__wrapper\">\n<iframe loading=\"lazy\" title=\"Lakes Of Ticino 360\u00b0\" width=\"770\" height=\"433\" src=\"https:\/\/www.youtube.com\/embed\/videoseries?list=PL9FBF9xdg-lw3JKs-6JxJ9o5xjQsxtLm5\" frameborder=\"0\" allow=\"accelerometer; autoplay; clipboard-write; encrypted-media; gyroscope; picture-in-picture\" allowfullscreen><\/iframe>\n<\/div><\/figure>\n<\/div>\n<\/div>\n<\/div><\/div><\/div><\/div><\/div>\n\n\n\n<div class=\"wp-block-getwid-section alignfull alignfull\"><div class=\"wp-block-getwid-section__wrapper getwid-padding-top-normal getwid-padding-bottom-normal\"><div class=\"wp-block-getwid-section__inner-wrapper\"><div class=\"wp-block-getwid-section__background-holder\"><div class=\"wp-block-getwid-section__background\"><\/div><div class=\"wp-block-getwid-section__foreground\"><\/div><\/div><div class=\"wp-block-getwid-section__content\"><div class=\"wp-block-getwid-section__inner-content\">\n<hr class=\"wp-block-separator is-style-wide\"\/>\n<\/div><\/div><\/div><\/div><\/div>\n\n\n\n<div class=\"wp-block-getwid-banner has-foreground-undefined has-animation-style3 has-text-animation-opacity-top has-foreground-20\"><a href=\"https:\/\/www.dolceresio.ch\/it\/contatto\/\" target=\"_blank\" rel=\"noreferrer noopener\" class=\"wp-block-getwid-banner__link\"><div class=\"wp-block-getwid-banner__wrapper\"><img loading=\"lazy\" decoding=\"async\" width=\"768\" height=\"1024\" src=\"https:\/\/www.dolceresio.ch\/wp-content\/uploads\/2020\/01\/Facciata_2-768x1024.jpg\" alt=\"\" class=\"wp-block-getwid-banner__image wp-block-getwid-banner__source wp-image-1174\" srcset=\"https:\/\/www.dolceresio.ch\/wp-content\/uploads\/2020\/01\/Facciata_2-768x1024.jpg 768w, https:\/\/www.dolceresio.ch\/wp-content\/uploads\/2020\/01\/Facciata_2-225x300.jpg 225w, https:\/\/www.dolceresio.ch\/wp-content\/uploads\/2020\/01\/Facciata_2-1152x1536.jpg 1152w, https:\/\/www.dolceresio.ch\/wp-content\/uploads\/2020\/01\/Facciata_2-1536x2048.jpg 1536w, https:\/\/www.dolceresio.ch\/wp-content\/uploads\/2020\/01\/Facciata_2-1170x1560.jpg 1170w, https:\/\/www.dolceresio.ch\/wp-content\/uploads\/2020\/01\/Facciata_2-600x800.jpg 600w, https:\/\/www.dolceresio.ch\/wp-content\/uploads\/2020\/01\/Facciata_2.jpg 1920w\" sizes=\"auto, (max-width: 768px) 100vw, 768px\" \/><div class=\"wp-block-getwid-banner__caption\"><div style=\"max-width:350px\" class=\"wp-block-getwid-banner__caption-wrapper\"><span class=\"wp-block-getwid-banner__title\">Sur mesure pour vous<\/span><p class=\"wp-block-getwid-banner__text\">Adr\u00e9naline, relax, \u00e9motions\u2026 <br>Contactez-nous! Nous organiserons ensemble votre exp\u00e9rience sur mesure<\/p><\/div><\/div><\/div><\/a><\/div>\n<\/div><\/div><\/div><\/div><\/div>\n","protected":false},"excerpt":{"rendered":"<p>Nous sommes heureuses de repr\u00e9senter, avec Mendrisiotto Turismo la r\u00e9gion enchanteresse de l&rsquo;extr\u00eame sud de la Suisse.<\/p>\n","protected":false},"author":1,"featured_media":1692,"parent":0,"menu_order":0,"comment_status":"closed","ping_status":"closed","template":"","meta":{"inline_featured_image":false,"footnotes":""},"tags":[],"class_list":["post-2628","page","type-page","status-publish","has-post-thumbnail","hentry"],"_links":{"self":[{"href":"https:\/\/www.dolceresio.ch\/fr\/wp-json\/wp\/v2\/pages\/2628","targetHints":{"allow":["GET"]}}],"collection":[{"href":"https:\/\/www.dolceresio.ch\/fr\/wp-json\/wp\/v2\/pages"}],"about":[{"href":"https:\/\/www.dolceresio.ch\/fr\/wp-json\/wp\/v2\/types\/page"}],"author":[{"embeddable":true,"href":"https:\/\/www.dolceresio.ch\/fr\/wp-json\/wp\/v2\/users\/1"}],"replies":[{"embeddable":true,"href":"https:\/\/www.dolceresio.ch\/fr\/wp-json\/wp\/v2\/comments?post=2628"}],"version-history":[{"count":7,"href":"https:\/\/www.dolceresio.ch\/fr\/wp-json\/wp\/v2\/pages\/2628\/revisions"}],"predecessor-version":[{"id":7087,"href":"https:\/\/www.dolceresio.ch\/fr\/wp-json\/wp\/v2\/pages\/2628\/revisions\/7087"}],"wp:featuredmedia":[{"embeddable":true,"href":"https:\/\/www.dolceresio.ch\/fr\/wp-json\/wp\/v2\/media\/1692"}],"wp:attachment":[{"href":"https:\/\/www.dolceresio.ch\/fr\/wp-json\/wp\/v2\/media?parent=2628"}],"wp:term":[{"taxonomy":"post_tag","embeddable":true,"href":"https:\/\/www.dolceresio.ch\/fr\/wp-json\/wp\/v2\/tags?post=2628"}],"curies":[{"name":"wp","href":"https:\/\/api.w.org\/{rel}","templated":true}]}}